{"id":2686,"date":"2011-10-08T19:01:17","date_gmt":"2011-10-08T17:01:17","guid":{"rendered":"https:\/\/www.ringier.com\/?post_type=interview&#038;p=2686"},"modified":"2025-12-15T15:08:13","modified_gmt":"2025-12-15T14:08:13","slug":"so-viele-leser-wie-nie-zuvor","status":"publish","type":"interview","link":"https:\/\/www.ringier.com\/de\/news\/interviews\/so-viele-leser-wie-nie-zuvor\/","title":{"rendered":"\u00abSo viele Leser wie nie zuvor\u00bb"},"content":{"rendered":"\n<pre class=\"wp-block-verse\"><strong>\u00abWir haben mit der gesamten Blick-Gruppe heute 2,7 Millionen Leser pro Woche, \u00fcberschneidungsfrei. So viele wie nie zuvor!\u00bb<\/strong>\nMarc Walder, CEO Ringier Schweiz und Deutschland<\/pre>\n\n\n\n<p id=\"h-herr-walder-reden-wir-ber-zwerge-und-riesen-ihr-verlag-vertreibt-seine-zeitungen-digital-ber-apple-und-muss-daf-r-30-prozent-vom-umsatz-abgeben-wie-geht-es-ihnen-damit\"><strong>Herr Walder, reden wir \u00fcber Zwerge und Riesen. Ihr Verlag vertreibt seine Zeitungen digital \u00fcber Apple \u2013 und muss daf\u00fcr 30 Prozent vom Umsatz abgeben. Wie geht es Ihnen damit?<\/strong><\/p>\n\n\n\n<p>In der Schweiz zahlen wir mehr, weil in Euro abgerechnet wird und der Wechselkurs festgelegt ist. Darauf kommt dann noch die Mehrwertsteuer. Wir geben also etwa 43 Prozent an Apple. Wenn es wirklich bei diesen 30 Prozent bliebe, w\u00e4re ich allerdings zufrieden, weil Apple viel f\u00fcr uns leistet. Das Unternehmen liefert sehr zuverl\u00e4ssig aus und tut es in einer Weise, die der K\u00e4ufer sch\u00e4tzt. Und \u2013 jeder Kiosk zieht Verlagsh\u00e4usern deutlich mehr ab als 30 Prozent.<\/p>\n\n\n\n<p id=\"h-in-der-schweiz-ist-ringier-ein-riese-gegen-ber-apple-ein-zwerg-werden-sie-an-den-konditionen-etwas-ndern-k-nnen\"><strong>In der Schweiz ist Ringier ein Riese, gegen\u00fcber Apple ein Zwerg. Werden Sie an den Konditionen etwas \u00e4ndern k\u00f6nnen?<\/strong><\/p>\n\n\n\n<p>Unser eigentliches Problem ist ja ein anderes: Tendenziell kaufen weniger Menschen unsere Zeitungen und Zeitschriften. Deshalb haben wir jetzt in einer regelrechten Offensive rund 50 iPhone- oder iPad-App-Versionen unserer Medien, Entertainment- und Digital-Gesch\u00e4fte auf den Markt gebracht.<\/p>\n\n\n\n<p id=\"h-wie-viel-prozent-ihres-umsatzes-sind-bedroht\"><strong>Wie viel Prozent Ihres Umsatzes sind bedroht?<\/strong><\/p>\n\n\n\n<p>Gut 60 Prozent.<\/p>\n\n\n\n<p id=\"h-und-f-r-welchen-preis-steigen-die-leser-auf-den-neuen-leseger-ten-ein\"><strong>Und f\u00fcr welchen Preis steigen die Leser auf den neuen Leseger\u00e4ten ein?<\/strong><\/p>\n\n\n\n<p>Unsere Boulevardzeitung Blick kostet auf dem iPad beispielsweise 36 Franken im Jahr. Das ist eigentlich ein Witz, nicht mal ein Achtel des Zeitungsabonnements!<\/p>\n\n\n\n<p><strong>Wie viel h\u00e4tten Sie denn gerne?<\/strong><\/p>\n\n\n\n<p>Sicherlich nicht 36 Franken im Jahr. Sie bekommen ja bedeutend mehr als in der gedruckten Ausgabe. Ein Beispiel: Nach Fu\u00dfballspielen bringt die Zeitung zwei Seiten Berichte plus vier Bilder. Auf dem iPad haben Sie alle Texte plus 40 Bilder plus Videomaterial mit Ausschnitten aus dem Spiel und dazu noch diverse Interviews als Video. Derzeit erwarte ich von einer iPad-App, dass ich dort das PDF der Zeitung und alle digital aufbereiteten Multimedia-Inhalte bekomme. Das macht es ziemlich aufwendig.<\/p>\n\n\n\n<p id=\"h-ein-pdf-also-schlicht-die-zeitung-in-den-computer-kopiert\"><strong>Ein PDF, also schlicht die Zeitung in den Computer kopiert?<\/strong><\/p>\n\n\n\n<p>Das PDF besitzt die gleiche Dramaturgie wie die Zeitung, und die suchen weiterhin viele Leser. Der Blick hatte bereits in den ersten Monaten sehr gute Zugriffszahlen.<\/p>\n\n\n\n<p><strong>Wie viele Menschen erreichen Sie mit dem gedruckten und dem digitalen Blick?<\/strong><\/p>\n\n\n\n<p>Wir haben mit der gesamten Blick-Gruppe heute 2,7 Millionen Leser pro Woche, \u00fcberschneidungsfrei. So viele wie nie zuvor! Und diese Masse gilt es nun zu vermarkten. Wenn zum Beispiel der Marketing-Verantwortliche von Audi mit seiner n\u00e4chsten Kampagne kam, dann ist er fr\u00fcher zu jedem unserer Medien einzeln gegangen. Das will heute niemand mehr. Heute sagt der Audi-Manager, dass er eine Kampagne und eine Million Budget hat, und verlangt binnen Wochenfrist ein Konzept, das sich \u00fcber alle Marken und Kan\u00e4le erstreckt. Darin liegt bedeutend mehr Potenzial als in der Frage, ob wir eine iPad-App f\u00fcr 99 Cent oder f\u00fcr zwei Euro verkaufen.<\/p>\n","protected":false},"excerpt":{"rendered":"<p>Boulevardbl\u00e4tter k\u00f6nnen unabh\u00e4ngig \u00fcber Verlagsgesch\u00e4fte berichten: Ringier-Chef Marc Walder glaubt daran.<\/p>\n","protected":false},"featured_media":23071,"template":"","categories":[],"class_list":["post-2686","interview","type-interview","status-publish","has-post-thumbnail","hentry"],"yoast_head":"<!-- This site is optimized with the Yoast SEO Premium plugin v27.0 (Yoast SEO v27.0) - https:\/\/yoast.com\/product\/yoast-seo-premium-wordpress\/ -->\n<title>\u00abSo viele Leser wie nie zuvor\u00bb - Ringier<\/title>\n<meta name=\"robots\" content=\"index, follow, max-snippet:-1, max-image-preview:large, max-video-preview:-1\" \/>\n<link rel=\"canonical\" href=\"https:\/\/www.ringier.com\/de\/news\/interviews\/so-viele-leser-wie-nie-zuvor\/\" \/>\n<meta property=\"og:locale\" content=\"de_DE\" \/>\n<meta property=\"og:type\" content=\"article\" \/>\n<meta property=\"og:title\" content=\"\u00abSo viele Leser wie nie zuvor\u00bb\" \/>\n<meta property=\"og:description\" content=\"Boulevardbl\u00e4tter k\u00f6nnen unabh\u00e4ngig \u00fcber Verlagsgesch\u00e4fte berichten: Ringier-Chef Marc Walder glaubt daran.\" \/>\n<meta property=\"og:url\" content=\"https:\/\/www.ringier.com\/de\/news\/interviews\/so-viele-leser-wie-nie-zuvor\/\" \/>\n<meta property=\"og:site_name\" content=\"Ringier\" \/>\n<meta property=\"article:publisher\" content=\"https:\/\/www.facebook.com\/ringierag\/\" \/>\n<meta property=\"article:modified_time\" content=\"2025-12-15T14:08:13+00:00\" \/>\n<meta property=\"og:image\" content=\"https:\/\/www.ringier.com\/wp-content\/uploads\/2011\/10\/Marc-Walder_Tagesanzeiger_20140412-neues-format-1.png\" \/>\n\t<meta property=\"og:image:width\" content=\"1200\" \/>\n\t<meta property=\"og:image:height\" content=\"628\" \/>\n\t<meta property=\"og:image:type\" content=\"image\/png\" \/>\n<meta name=\"twitter:card\" content=\"summary_large_image\" \/>\n<meta name=\"twitter:site\" content=\"@ringier_ag\" \/>\n<meta name=\"twitter:label1\" content=\"Gesch\u00e4tzte Lesezeit\" \/>\n\t<meta name=\"twitter:data1\" content=\"3 Minuten\" \/>\n<script type=\"application\/ld+json\" class=\"yoast-schema-graph\">{\"@context\":\"https:\/\/schema.org\",\"@graph\":[{\"@type\":\"WebPage\",\"@id\":\"https:\/\/www.ringier.com\/de\/news\/interviews\/so-viele-leser-wie-nie-zuvor\/\",\"url\":\"https:\/\/www.ringier.com\/de\/news\/interviews\/so-viele-leser-wie-nie-zuvor\/\",\"name\":\"\u00abSo viele Leser wie nie zuvor\u00bb - Ringier\",\"isPartOf\":{\"@id\":\"https:\/\/www.ringier.com\/de\/#website\"},\"primaryImageOfPage\":{\"@id\":\"https:\/\/www.ringier.com\/de\/news\/interviews\/so-viele-leser-wie-nie-zuvor\/#primaryimage\"},\"image\":{\"@id\":\"https:\/\/www.ringier.com\/de\/news\/interviews\/so-viele-leser-wie-nie-zuvor\/#primaryimage\"},\"thumbnailUrl\":\"https:\/\/www.ringier.com\/wp-content\/uploads\/2011\/10\/Marc-Walder_Tagesanzeiger_20140412-neues-format-1.png\",\"datePublished\":\"2011-10-08T17:01:17+00:00\",\"dateModified\":\"2025-12-15T14:08:13+00:00\",\"breadcrumb\":{\"@id\":\"https:\/\/www.ringier.com\/de\/news\/interviews\/so-viele-leser-wie-nie-zuvor\/#breadcrumb\"},\"inLanguage\":\"de-DE\",\"potentialAction\":[{\"@type\":\"ReadAction\",\"target\":[\"https:\/\/www.ringier.com\/de\/news\/interviews\/so-viele-leser-wie-nie-zuvor\/\"]}]},{\"@type\":\"ImageObject\",\"inLanguage\":\"de-DE\",\"@id\":\"https:\/\/www.ringier.com\/de\/news\/interviews\/so-viele-leser-wie-nie-zuvor\/#primaryimage\",\"url\":\"https:\/\/www.ringier.com\/wp-content\/uploads\/2011\/10\/Marc-Walder_Tagesanzeiger_20140412-neues-format-1.png\",\"contentUrl\":\"https:\/\/www.ringier.com\/wp-content\/uploads\/2011\/10\/Marc-Walder_Tagesanzeiger_20140412-neues-format-1.png\",\"width\":1200,\"height\":628},{\"@type\":\"BreadcrumbList\",\"@id\":\"https:\/\/www.ringier.com\/de\/news\/interviews\/so-viele-leser-wie-nie-zuvor\/#breadcrumb\",\"itemListElement\":[{\"@type\":\"ListItem\",\"position\":1,\"name\":\"Home\",\"item\":\"https:\/\/www.ringier.com\/de\/\"},{\"@type\":\"ListItem\",\"position\":2,\"name\":\"\u00abSo viele Leser wie nie zuvor\u00bb\"}]},{\"@type\":\"WebSite\",\"@id\":\"https:\/\/www.ringier.com\/de\/#website\",\"url\":\"https:\/\/www.ringier.com\/de\/\",\"name\":\"Ringier\",\"description\":\"We inform. We entertain. We connect\",\"publisher\":{\"@id\":\"https:\/\/www.ringier.com\/de\/#organization\"},\"potentialAction\":[{\"@type\":\"SearchAction\",\"target\":{\"@type\":\"EntryPoint\",\"urlTemplate\":\"https:\/\/www.ringier.com\/de\/?s={search_term_string}\"},\"query-input\":{\"@type\":\"PropertyValueSpecification\",\"valueRequired\":true,\"valueName\":\"search_term_string\"}}],\"inLanguage\":\"de-DE\"},{\"@type\":\"Organization\",\"@id\":\"https:\/\/www.ringier.com\/de\/#organization\",\"name\":\"Ringier\",\"url\":\"https:\/\/www.ringier.com\/de\/\",\"logo\":{\"@type\":\"ImageObject\",\"inLanguage\":\"de-DE\",\"@id\":\"https:\/\/www.ringier.com\/de\/#\/schema\/logo\/image\/\",\"url\":\"https:\/\/www.ringier.com\/wp-content\/uploads\/2021\/10\/ringier_logo_2.jpg\",\"contentUrl\":\"https:\/\/www.ringier.com\/wp-content\/uploads\/2021\/10\/ringier_logo_2.jpg\",\"width\":750,\"height\":550,\"caption\":\"Ringier\"},\"image\":{\"@id\":\"https:\/\/www.ringier.com\/de\/#\/schema\/logo\/image\/\"},\"sameAs\":[\"https:\/\/www.facebook.com\/ringierag\/\",\"https:\/\/x.com\/ringier_ag\",\"https:\/\/www.instagram.com\/ringier_ag\/\",\"https:\/\/www.linkedin.com\/company\/ringier\/\",\"https:\/\/www.youtube.com\/user\/RingierComm\",\"https:\/\/en.wikipedia.org\/wiki\/Ringier\",\"https:\/\/de.wikipedia.org\/wiki\/Ringier\",\"https:\/\/fr.wikipedia.org\/wiki\/Ringier\",\"https:\/\/www.crunchbase.com\/organization\/ringier-ag\"]}]}<\/script>\n<!-- \/ Yoast SEO Premium plugin. -->","yoast_head_json":{"title":"\u00abSo viele Leser wie nie zuvor\u00bb - Ringier","robots":{"index":"index","follow":"follow","max-snippet":"max-snippet:-1","max-image-preview":"max-image-preview:large","max-video-preview":"max-video-preview:-1"},"canonical":"https:\/\/www.ringier.com\/de\/news\/interviews\/so-viele-leser-wie-nie-zuvor\/","og_locale":"de_DE","og_type":"article","og_title":"\u00abSo viele Leser wie nie zuvor\u00bb","og_description":"Boulevardbl\u00e4tter k\u00f6nnen unabh\u00e4ngig \u00fcber Verlagsgesch\u00e4fte berichten: Ringier-Chef Marc Walder glaubt daran.","og_url":"https:\/\/www.ringier.com\/de\/news\/interviews\/so-viele-leser-wie-nie-zuvor\/","og_site_name":"Ringier","article_publisher":"https:\/\/www.facebook.com\/ringierag\/","article_modified_time":"2025-12-15T14:08:13+00:00","og_image":[{"width":1200,"height":628,"url":"https:\/\/www.ringier.com\/wp-content\/uploads\/2011\/10\/Marc-Walder_Tagesanzeiger_20140412-neues-format-1.png","type":"image\/png"}],"twitter_card":"summary_large_image","twitter_site":"@ringier_ag","twitter_misc":{"Gesch\u00e4tzte Lesezeit":"3 Minuten"},"schema":{"@context":"https:\/\/schema.org","@graph":[{"@type":"WebPage","@id":"https:\/\/www.ringier.com\/de\/news\/interviews\/so-viele-leser-wie-nie-zuvor\/","url":"https:\/\/www.ringier.com\/de\/news\/interviews\/so-viele-leser-wie-nie-zuvor\/","name":"\u00abSo viele Leser wie nie zuvor\u00bb - Ringier","isPartOf":{"@id":"https:\/\/www.ringier.com\/de\/#website"},"primaryImageOfPage":{"@id":"https:\/\/www.ringier.com\/de\/news\/interviews\/so-viele-leser-wie-nie-zuvor\/#primaryimage"},"image":{"@id":"https:\/\/www.ringier.com\/de\/news\/interviews\/so-viele-leser-wie-nie-zuvor\/#primaryimage"},"thumbnailUrl":"https:\/\/www.ringier.com\/wp-content\/uploads\/2011\/10\/Marc-Walder_Tagesanzeiger_20140412-neues-format-1.png","datePublished":"2011-10-08T17:01:17+00:00","dateModified":"2025-12-15T14:08:13+00:00","breadcrumb":{"@id":"https:\/\/www.ringier.com\/de\/news\/interviews\/so-viele-leser-wie-nie-zuvor\/#breadcrumb"},"inLanguage":"de-DE","potentialAction":[{"@type":"ReadAction","target":["https:\/\/www.ringier.com\/de\/news\/interviews\/so-viele-leser-wie-nie-zuvor\/"]}]},{"@type":"ImageObject","inLanguage":"de-DE","@id":"https:\/\/www.ringier.com\/de\/news\/interviews\/so-viele-leser-wie-nie-zuvor\/#primaryimage","url":"https:\/\/www.ringier.com\/wp-content\/uploads\/2011\/10\/Marc-Walder_Tagesanzeiger_20140412-neues-format-1.png","contentUrl":"https:\/\/www.ringier.com\/wp-content\/uploads\/2011\/10\/Marc-Walder_Tagesanzeiger_20140412-neues-format-1.png","width":1200,"height":628},{"@type":"BreadcrumbList","@id":"https:\/\/www.ringier.com\/de\/news\/interviews\/so-viele-leser-wie-nie-zuvor\/#breadcrumb","itemListElement":[{"@type":"ListItem","position":1,"name":"Home","item":"https:\/\/www.ringier.com\/de\/"},{"@type":"ListItem","position":2,"name":"\u00abSo viele Leser wie nie zuvor\u00bb"}]},{"@type":"WebSite","@id":"https:\/\/www.ringier.com\/de\/#website","url":"https:\/\/www.ringier.com\/de\/","name":"Ringier","description":"We inform. We entertain. We connect","publisher":{"@id":"https:\/\/www.ringier.com\/de\/#organization"},"potentialAction":[{"@type":"SearchAction","target":{"@type":"EntryPoint","urlTemplate":"https:\/\/www.ringier.com\/de\/?s={search_term_string}"},"query-input":{"@type":"PropertyValueSpecification","valueRequired":true,"valueName":"search_term_string"}}],"inLanguage":"de-DE"},{"@type":"Organization","@id":"https:\/\/www.ringier.com\/de\/#organization","name":"Ringier","url":"https:\/\/www.ringier.com\/de\/","logo":{"@type":"ImageObject","inLanguage":"de-DE","@id":"https:\/\/www.ringier.com\/de\/#\/schema\/logo\/image\/","url":"https:\/\/www.ringier.com\/wp-content\/uploads\/2021\/10\/ringier_logo_2.jpg","contentUrl":"https:\/\/www.ringier.com\/wp-content\/uploads\/2021\/10\/ringier_logo_2.jpg","width":750,"height":550,"caption":"Ringier"},"image":{"@id":"https:\/\/www.ringier.com\/de\/#\/schema\/logo\/image\/"},"sameAs":["https:\/\/www.facebook.com\/ringierag\/","https:\/\/x.com\/ringier_ag","https:\/\/www.instagram.com\/ringier_ag\/","https:\/\/www.linkedin.com\/company\/ringier\/","https:\/\/www.youtube.com\/user\/RingierComm","https:\/\/en.wikipedia.org\/wiki\/Ringier","https:\/\/de.wikipedia.org\/wiki\/Ringier","https:\/\/fr.wikipedia.org\/wiki\/Ringier","https:\/\/www.crunchbase.com\/organization\/ringier-ag"]}]}},"_links":{"self":[{"href":"https:\/\/www.ringier.com\/de\/wp-json\/wp\/v2\/interview\/2686","targetHints":{"allow":["GET"]}}],"collection":[{"href":"https:\/\/www.ringier.com\/de\/wp-json\/wp\/v2\/interview"}],"about":[{"href":"https:\/\/www.ringier.com\/de\/wp-json\/wp\/v2\/types\/interview"}],"version-history":[{"count":0,"href":"https:\/\/www.ringier.com\/de\/wp-json\/wp\/v2\/interview\/2686\/revisions"}],"wp:featuredmedia":[{"embeddable":true,"href":"https:\/\/www.ringier.com\/de\/wp-json\/wp\/v2\/media\/23071"}],"wp:attachment":[{"href":"https:\/\/www.ringier.com\/de\/wp-json\/wp\/v2\/media?parent=2686"}],"wp:term":[{"taxonomy":"category","embeddable":true,"href":"https:\/\/www.ringier.com\/de\/wp-json\/wp\/v2\/categories?post=2686"}],"curies":[{"name":"wp","href":"https:\/\/api.w.org\/{rel}","templated":true}]}}